{"id":98,"date":"2019-03-28T18:20:47","date_gmt":"2019-03-28T18:20:47","guid":{"rendered":"https:\/\/apexkarate.ca\/?page_id=98"},"modified":"2026-03-18T15:16:18","modified_gmt":"2026-03-18T15:16:18","slug":"camp-de-jour","status":"publish","type":"page","link":"https:\/\/apexkarate.ca\/fr\/camp-de-jour\/","title":{"rendered":"Camp de jour"},"content":{"rendered":"<section class=\"top_container\">\n<div class=\"container\">\n<div class=\"row\">\n<div class=\"col-lg-3 order-last order-lg-first\">\n<div class=\"lc-block h1_div camp\">\n<h1 class=\"display-1\" editable=\"inline\"><span>Pour des activit\u00e9s productives et divertissantes, inscrivez votre enfant au <\/span>camp de jour 2026 chez APEX Karat\u00e9<\/h1>\n<p>\t\t\t\t\t<a href=\"https:\/\/forms.office.com\/r\/cCic7UFM5Y\" rel=\"noopener noreferrer\" target=\"_blank\" class=\"btn contact rouge-border blanc-text\">Faire une demande d&rsquo;inscription<\/a>\n\t\t\t\t<\/div>\n<\/p><\/div>\n<div class=\"col-lg-9 order-first order-lg-last\">\n<div lc-helper=\"shortcode\" class=\"live-shortcode slider\"><div id=\"metaslider-id-225\" style=\"width: 100%;\" class=\"ml-slider-3-106-0 metaslider metaslider-flex metaslider-225 ml-slider has-dots-nav ms-theme-blend\" role=\"region\" aria-label=\"CampDeJour Slider\">\n    <div id=\"metaslider_container_225\">\n        <div id=\"metaslider_225\">\n            <ul class='slides'>\n                <li style=\"display: block; width: 100%;\" class=\"slide-747 ms-image \" aria-roledescription=\"slide\" data-date=\"2021-03-17 13:20:16\" data-filename=\"50zkq0.jpg\" data-slide-type=\"image\"><img loading=\"lazy\" decoding=\"async\" width=\"823\" height=\"485\" src=\"https:\/\/apexkarate.ca\/wp-content\/uploads\/2021\/03\/50zkq0.jpg\" class=\"slider-225 slide-747 msDefaultImage\" alt=\"\" rel=\"\" title=\"50zkq0\" srcset=\"https:\/\/apexkarate.ca\/wp-content\/uploads\/2021\/03\/50zkq0.jpg 823w, https:\/\/apexkarate.ca\/wp-content\/uploads\/2021\/03\/50zkq0-300x177.jpg 300w, https:\/\/apexkarate.ca\/wp-content\/uploads\/2021\/03\/50zkq0-768x453.jpg 768w\" sizes=\"auto, (max-width: 823px) 100vw, 823px\" \/><\/li>\n                <li style=\"display: none; width: 100%;\" class=\"slide-748 ms-image \" aria-roledescription=\"slide\" data-date=\"2021-03-17 13:20:16\" data-filename=\"50zl7p.jpg\" data-slide-type=\"image\"><img loading=\"lazy\" decoding=\"async\" width=\"823\" height=\"485\" src=\"https:\/\/apexkarate.ca\/wp-content\/uploads\/2021\/03\/50zl7p.jpg\" class=\"slider-225 slide-748 msDefaultImage\" alt=\"\" rel=\"\" title=\"50zl7p\" srcset=\"https:\/\/apexkarate.ca\/wp-content\/uploads\/2021\/03\/50zl7p.jpg 823w, https:\/\/apexkarate.ca\/wp-content\/uploads\/2021\/03\/50zl7p-300x177.jpg 300w, https:\/\/apexkarate.ca\/wp-content\/uploads\/2021\/03\/50zl7p-768x453.jpg 768w\" sizes=\"auto, (max-width: 823px) 100vw, 823px\" \/><\/li>\n                <li style=\"display: none; width: 100%;\" class=\"slide-749 ms-image \" aria-roledescription=\"slide\" data-date=\"2021-03-17 13:20:17\" data-filename=\"meme-2.jpg\" data-slide-type=\"image\"><img loading=\"lazy\" decoding=\"async\" width=\"823\" height=\"485\" src=\"https:\/\/apexkarate.ca\/wp-content\/uploads\/2021\/03\/meme-2.jpg\" class=\"slider-225 slide-749 msDefaultImage\" alt=\"\" rel=\"\" title=\"meme-#2\" srcset=\"https:\/\/apexkarate.ca\/wp-content\/uploads\/2021\/03\/meme-2.jpg 823w, https:\/\/apexkarate.ca\/wp-content\/uploads\/2021\/03\/meme-2-300x177.jpg 300w, https:\/\/apexkarate.ca\/wp-content\/uploads\/2021\/03\/meme-2-768x453.jpg 768w\" sizes=\"auto, (max-width: 823px) 100vw, 823px\" \/><\/li>\n                <li style=\"display: none; width: 100%;\" class=\"slide-750 ms-image \" aria-roledescription=\"slide\" data-date=\"2021-03-17 13:20:17\" data-filename=\"meme-3.jpg\" data-slide-type=\"image\"><img loading=\"lazy\" decoding=\"async\" width=\"823\" height=\"485\" src=\"https:\/\/apexkarate.ca\/wp-content\/uploads\/2021\/03\/meme-3.jpg\" class=\"slider-225 slide-750 msDefaultImage\" alt=\"\" rel=\"\" title=\"meme-#3\" srcset=\"https:\/\/apexkarate.ca\/wp-content\/uploads\/2021\/03\/meme-3.jpg 823w, https:\/\/apexkarate.ca\/wp-content\/uploads\/2021\/03\/meme-3-300x177.jpg 300w, https:\/\/apexkarate.ca\/wp-content\/uploads\/2021\/03\/meme-3-768x453.jpg 768w\" sizes=\"auto, (max-width: 823px) 100vw, 823px\" \/><\/li>\n                <li style=\"display: none; width: 100%;\" class=\"slide-753 ms-image \" aria-roledescription=\"slide\" data-date=\"2021-03-17 13:20:17\" data-filename=\"tu-veux-tamuser-438d8fc721.jpg\" data-slide-type=\"image\"><img loading=\"lazy\" decoding=\"async\" width=\"823\" height=\"485\" src=\"https:\/\/apexkarate.ca\/wp-content\/uploads\/2021\/03\/tu-veux-tamuser-438d8fc721.jpg\" class=\"slider-225 slide-753 msDefaultImage\" alt=\"\" rel=\"\" title=\"tu-veux-tamuser-438d8fc721\" srcset=\"https:\/\/apexkarate.ca\/wp-content\/uploads\/2021\/03\/tu-veux-tamuser-438d8fc721.jpg 823w, https:\/\/apexkarate.ca\/wp-content\/uploads\/2021\/03\/tu-veux-tamuser-438d8fc721-300x177.jpg 300w, https:\/\/apexkarate.ca\/wp-content\/uploads\/2021\/03\/tu-veux-tamuser-438d8fc721-768x453.jpg 768w\" sizes=\"auto, (max-width: 823px) 100vw, 823px\" \/><\/li>\n                <li style=\"display: none; width: 100%;\" class=\"slide-233 ms-image \" aria-roledescription=\"slide\" data-date=\"2019-03-29 19:19:32\" data-filename=\"camp2.jpg\" data-slide-type=\"image\"><img loading=\"lazy\" decoding=\"async\" width=\"823\" height=\"485\" src=\"https:\/\/apexkarate.ca\/wp-content\/uploads\/2019\/03\/camp2.jpg\" class=\"slider-225 slide-233 msDefaultImage\" alt=\"\" rel=\"\" title=\"camp2\" srcset=\"https:\/\/apexkarate.ca\/wp-content\/uploads\/2019\/03\/camp2.jpg 823w, https:\/\/apexkarate.ca\/wp-content\/uploads\/2019\/03\/camp2-300x177.jpg 300w, https:\/\/apexkarate.ca\/wp-content\/uploads\/2019\/03\/camp2-768x453.jpg 768w\" sizes=\"auto, (max-width: 823px) 100vw, 823px\" \/><\/li>\n                <li style=\"display: none; width: 100%;\" class=\"slide-232 ms-image \" aria-roledescription=\"slide\" data-date=\"2019-03-29 19:19:32\" data-filename=\"camp1.jpg\" data-slide-type=\"image\"><img loading=\"lazy\" decoding=\"async\" width=\"823\" height=\"485\" src=\"https:\/\/apexkarate.ca\/wp-content\/uploads\/2019\/03\/camp1.jpg\" class=\"slider-225 slide-232 msDefaultImage\" alt=\"\" rel=\"\" title=\"camp1\" srcset=\"https:\/\/apexkarate.ca\/wp-content\/uploads\/2019\/03\/camp1.jpg 823w, https:\/\/apexkarate.ca\/wp-content\/uploads\/2019\/03\/camp1-300x177.jpg 300w, https:\/\/apexkarate.ca\/wp-content\/uploads\/2019\/03\/camp1-768x453.jpg 768w\" sizes=\"auto, (max-width: 823px) 100vw, 823px\" \/><\/li>\n                <li style=\"display: none; width: 100%;\" class=\"slide-234 ms-image \" aria-roledescription=\"slide\" data-date=\"2019-03-29 19:19:32\" data-filename=\"camp3.jpg\" data-slide-type=\"image\"><img loading=\"lazy\" decoding=\"async\" width=\"823\" height=\"485\" src=\"https:\/\/apexkarate.ca\/wp-content\/uploads\/2019\/03\/camp3.jpg\" class=\"slider-225 slide-234 msDefaultImage\" alt=\"\" rel=\"\" title=\"camp3\" srcset=\"https:\/\/apexkarate.ca\/wp-content\/uploads\/2019\/03\/camp3.jpg 823w, https:\/\/apexkarate.ca\/wp-content\/uploads\/2019\/03\/camp3-300x177.jpg 300w, https:\/\/apexkarate.ca\/wp-content\/uploads\/2019\/03\/camp3-768x453.jpg 768w\" sizes=\"auto, (max-width: 823px) 100vw, 823px\" \/><\/li>\n            <\/ul>\n        <\/div>\n        \n    <\/div>\n<\/div><\/div>\n<\/p><\/div>\n<\/p><\/div>\n<\/p><\/div>\n<\/section>\n<section>\n<div lc-helper=\"shortcode\" class=\"live-shortcode\"><\/div>\n<\/section>\n<section>\n\t<!--\n\n<div lc-helper=\"shortcode\" class=\"live-shortcode text-center\">[add_img src=\"camp-ete-2025.png\"]<\/div>\n\n--><br \/>\n<\/section>\n<section>\n<div class=\"container\">\n<div class=\"row\">\n<div class=\"col-md-12\">\n<div class=\"lc-block\">\n\t\t\t\t\t<img decoding=\"async\" class=\"img-fluid\" src=\"https:\/\/apexkarate.ca\/wp-content\/uploads\/2026\/03\/camp_jour_2026.jpg\" alt=\"\">\n\t\t\t\t<\/div>\n<p><!-- \/lc-block -->\n\t\t\t<\/div>\n<p><!-- \/col -->\n\t\t<\/div>\n<\/p><\/div>\n<\/section>\n<section class=\"maintext_container\" id=\"propos\">\n<div class=\"container\">\n<div class=\"row\">\n<div class=\"col-lg-8\">\n<div class=\"lc-block\">\n<div lc-helper=\"shortcode\" class=\"live-shortcode\"><div class=\"addthis_inline_share_toolbox\"><\/div><\/div>\n<\/p><\/div>\n<div class=\"lc-block\">\n<div editable=\"rich\">\n<h3>Vous recherchez un camp de jour 2026 pour votre enfant?<\/h3>\n<h2>APEX Karat\u00e9 propose des activit\u00e9s exclusives \u00e0 Gatineau<\/h2>\n<p>Si vous \u00eates \u00e0 Gatineau et souhaitez inscrire votre enfant \u00e0 un camp de jour et qu\u2019il a entre 5 et 11 ans, nous vous proposons de venir nous rencontrer chez APEX Karat\u00e9 Dojo \u00e0 Gatineau!&nbsp;<\/p>\n<p>Il n\u2019est pas toujours \u00e9vident de savoir quoi faire pour occuper ses enfants pendant la p\u00e9riode des vacances et il peut \u00eatre difficile en tant que parent de trouver des personnes pour les garder durant la journ\u00e9e. Pour cela, au lieu de les laisser \u00e0 la maison ou de ne pas les occuper, pourquoi ne pas les inscrire dans un camp o\u00f9 il feront des activit\u00e9s, pourront socialiser, d\u00e9penser leur \u00e9nergie et grandir aussi? Votre enfant pourra se d\u00e9velopper dans un milieu social, se faire des amis et passer de belles journ\u00e9es et vous retrouver le soir \u00e0 la maison.&nbsp;<\/p>\n<p>Nous offrons plusieurs services et activit\u00e9s qui vont accommoder non seulement les parents et les enfants car ils auront acc\u00e8s \u00e0 des activit\u00e9s sportives comme le karat\u00e9 qui pourra leur apprendre la discipline et la ma\u00eetrise de soi et \u00e0 s\u2019exercer, au niveau qui leur convient. De plus, les activit\u00e9s sont diversifi\u00e9es et ne se font pas qu\u2019au sein du dojo puisqu\u2019il y a des activit\u00e9s ext\u00e9rieures. On parle de piscine, de bricolage, de sports externes, les parcs, les biblioth\u00e8ques etc. en plus de sorties une fois par semaine ( vous retrouverez le calendrier de nos activit\u00e9s plus bas).<\/p>\n<p>Nous offrons aussi un service de garderie qui vous permet de d\u00e9poser vos enfants t\u00f4t le matin et de venir les chercher apr\u00e8s, tout cela dans le but de vous accommoder au maximum. Bien \u00e9videmment, certaines conditions s\u2019appliquent, donc nous vous invitons \u00e0 venir nous rencontrer, consulter <a href=\"#camp-horaire\" class=\"to-link\">nos horaires et tarifs<\/a>.<\/p>\n<\/p><\/div>\n<\/p><\/div>\n<div class=\"lc-block\">\n<div><a href=\"https:\/\/apexkarate.ca\/fr\/contact\/\" rel=\"noopener noreferrer\" class=\"btn contact rouge-border rouge-text\">Des questions? Contactez-nous!<\/a><\/div>\n<\/p><\/div>\n<\/p><\/div>\n<div class=\"col-lg-4\">\n<div class=\"lc-block\">\n<div lc-helper=\"shortcode\" class=\"live-shortcode\"><div id=\"fb-root\"><\/div><div class=\"fb-page\" data-href=\"https:\/\/www.facebook.com\/larouchekarate\/\" data-tabs=\"timeline\" data-width=\"350\" data-height=\"400\" data-small-header=\"true\" data-adapt-container-width=\"true\" data-hide-cover=\"false\" data-show-facepile=\"false\"><blockquote cite=\"https:\/\/www.facebook.com\/larouchekarate\/\" class=\"fb-xfbml-parse-ignore\"><a href=\"https:\/\/www.facebook.com\/larouchekarate\/\">Larouche Karat\u00e9<\/a><\/blockquote><\/div><\/div>\n<\/p><\/div>\n<\/p><\/div>\n<\/p><\/div>\n<\/p><\/div>\n<\/section>\n<section class=\"camp_container\" id=\"camp-horaire\">\n<div class=\"container\">\n<div class=\"row\">\n<div class=\"col-lg-12\">\n<div class=\"lc-block inscription-liste\">\n<div editable=\"rich\">\n<h2>Inscriptions<\/h2>\n<h3>APEX Karat\u00e9 Dojo &amp; CrossTraining<br \/>867 boul. Saint-Ren\u00e9 Ouest<br \/><\/h3>\n<h4><\/h4>\n<p>Les inscriptions pour notre Camp de jour APEX Karat\u00e9 \u00e9t\u00e9 2026 sont maintenant ouvertes!<strong><br \/><\/strong>Nous sommes fiers de revenir pour notre 7e ann\u00e9e afin d&rsquo;offrir notre service aux familles qui ont besoin d&rsquo;un camp de jour cette ann\u00e9e.<\/p>\n<p><strong>NOUVEAUT\u00c9 CETTE ANN\u00c9E: <\/strong>Possibilit\u00e9 de passer un grade en karat\u00e9 apr\u00e8s la quatri\u00e8me semaine de fr\u00e9quentation au camp de jour.<br \/>\n\t\t\t\t\t\t\tLe prix est de 240$ taxes comprises et 215$ pour un deuxi\u00e8me enfant et plus.<br \/>\n\t\t\t\t\t\t\tCostume de karat\u00e9 d\u00e9butant offert \u00e0 70$ (une valeur initiale de 90$ taxes en sus.)<\/p>\n<p>\t\t\t\t\t\t<!--\n\n<p><strong>RETOUR DES SORTIES HEBDOMADAIRES<\/strong> <br \/><strong>exemple&nbsp;<\/strong>: parc de jeux d'eau mont-cascades, Cosmic Adventure, Cin\u00e9ma 9, parc du Lac Beauchamp, piscine du centre sportif, mus\u00e9es, etc. <\/p>\n\n--><\/p>\n<\/p>\n<p>\t\t\t\t\t\t<!--\n\n<p><strong>\u00c0 LIRE ATTENTIVEMENT CE QUI SUIT<\/strong><br \/>Le camp sera offert dans le respect des consignes de la sant\u00e9 publique en vigueur pour l'Outaouais \u00e0 l'\u00e9t\u00e9 2024. Il faut remplir une fiche d'inscription par enfant. Nous vous contacterons par courriel ou t\u00e9l\u00e9phone dans les plus brefs d\u00e9lais afin de confirmer l'inscription. Nous favorisons les m\u00e9thodes de paiement sans contact (cr\u00e9dit, virement interac, etc.).<\/p>\n\n--><\/p>\n<ol>\n\t\t\t\t\t\t<\/ol>\n<p>OBLIGATOIRE \u00c0 L&rsquo;INSCRIPTION<br \/>1. Payer la semaine au complet;<\/p>\n<p>2. Payez un d\u00e9p\u00f4t de 50$ par semaines subs\u00e9quentes pour r\u00e9servation.<\/p>\n<\/p>\n<p>Au plaisir de vous accueillir lors de notre camp de jour de l\u2019\u00e9t\u00e9 2026!!!!<\/p>\n<p><a href=\"https:\/\/forms.office.com\/r\/pmSb7p8E9k\" rel=\"noopener noreferrer\" target=\"_blank\" class=\"btn contact rouge-border rouge-text\">Faire une demande d&rsquo;inscription<\/a><\/p>\n<\/p><\/div>\n<\/p><\/div>\n<\/p><\/div>\n<div class=\"col-lg-7 ml-auto d-none\">\n<div class=\"lc-block\">\n<div class=\"tableau-sorties\">\n<div class=\"first d-flex\">\n<div class=\"first-element\">\n<p> Semaines<\/p>\n<\/p><\/div>\n<div class=\"second-element\">\n<p> Sorties hebdomadaires<\/p>\n<\/p><\/div>\n<\/p><\/div>\n<div class=\"d-flex\">\n<div class=\"first-element\">\n<p> Du 25 au 28 juin 2019<\/p>\n<\/p><\/div>\n<div class=\"second-element\">\n<p> Mus\u00e9e de la nature<\/p>\n<\/p><\/div>\n<\/p><\/div>\n<div class=\"d-flex\">\n<div class=\"first-element\">\n<p> Du 2 au 5 juillet 2019<\/p>\n<\/p><\/div>\n<div class=\"second-element\">\n<p> Parc aquatique du Mont-Cascades<\/p>\n<\/p><\/div>\n<\/p><\/div>\n<div class=\"d-flex\">\n<div class=\"first-element\">\n<p> Du 8 au 12 juillet 2019<\/p>\n<\/p><\/div>\n<div class=\"second-element\">\n<p> Parc Omega<\/p>\n<\/p><\/div>\n<\/p><\/div>\n<div class=\"d-flex\">\n<div class=\"first-element\">\n<p> Du 15 au 19 juillet 2019<\/p>\n<\/p><\/div>\n<div class=\"second-element\">\n<p> Cosmic Adventure<\/p>\n<\/p><\/div>\n<\/p><\/div>\n<div class=\"d-flex\">\n<div class=\"first-element\">\n<p> Du 22 au 26 juillet 2019<\/p>\n<\/p><\/div>\n<div class=\"second-element\">\n<p> Cin\u00e9ma<\/p>\n<\/p><\/div>\n<\/p><\/div>\n<div class=\"d-flex\">\n<div class=\"first-element\">\n<p> Du 29 juillet au 2 ao\u00fbt 2019<\/p>\n<\/p><\/div>\n<div class=\"second-element\">\n<p> Mus\u00e9e canadien de l&rsquo;agriculture<\/p>\n<\/p><\/div>\n<\/p><\/div>\n<div class=\"d-flex\">\n<div class=\"first-element\">\n<p> Du 5 au 9 ao\u00fbt 2019<\/p>\n<\/p><\/div>\n<div class=\"second-element\">\n<p> Parc aquatique du Mont-Cascades<\/p>\n<\/p><\/div>\n<\/p><\/div>\n<div class=\"d-flex\">\n<div class=\"first-element\">\n<p> Du 12 au 16 ao\u00fbt 2019<\/p>\n<\/p><\/div>\n<div class=\"second-element\">\n<p> Mus\u00e9e des sciences et de la technologie<\/p>\n<\/p><\/div>\n<\/p><\/div>\n<div class=\"d-flex\">\n<div class=\"first-element\">\n<p> Du 19 au 23 ao\u00fbt 2019<\/p>\n<\/p><\/div>\n<div class=\"second-element\">\n<p> Cosmic Adventure<\/p>\n<\/p><\/div>\n<\/p><\/div>\n<div class=\"d-flex\">\n<div class=\"first-element\">\n<p> Du 26 au 30 ao\u00fbt 2019<\/p>\n<\/p><\/div>\n<div class=\"second-element\">\n<p> Cin\u00e9ma<\/p>\n<\/p><\/div>\n<\/p><\/div>\n<\/p><\/div>\n<\/p><\/div>\n<div class=\"lc-block\">\n<div lc-helper=\"shortcode\" class=\"live-shortcode d-flex justify-content-lg-end\"><a href='https:\/\/forms.office.com\/r\/kED7hNU4Du' class='btn contact blanc-border blanc-text'>Communiquez avec nous d\u00e8s maintenant<\/a><\/div>\n<\/p><\/div>\n<\/p><\/div>\n<\/p><\/div>\n<\/p><\/div>\n<\/section>\n","protected":false},"excerpt":{"rendered":"<p>Pour des activit\u00e9s productives et divertissantes, inscrivez votre enfant au camp de jour 2026 chez APEX Karat\u00e9 Faire une demande d&rsquo;inscription Vous recherchez un camp de jour 2026 pour votre enfant? APEX Karat\u00e9 propose des activit\u00e9s exclusives \u00e0 Gatineau Si vous \u00eates \u00e0 Gatineau et souhaitez inscrire votre enfant \u00e0 un camp de jour et [&hellip;]<\/p>\n","protected":false},"author":1,"featured_media":0,"parent":0,"menu_order":0,"comment_status":"closed","ping_status":"closed","template":"","meta":{"footnotes":""},"class_list":["post-98","page","type-page","status-publish","hentry"],"yoast_head":"<!-- This site is optimized with the Yoast SEO plugin v27.2 - https:\/\/yoast.com\/product\/yoast-seo-wordpress\/ -->\n<title>APEX Karat\u00e9 Dojo | Camp de jour de Karat\u00e9 et de Cross Fit \u00e0 Gatineau<\/title>\n<meta name=\"description\" content=\"APEX Karat\u00e9 Dojo | Inscrivez vos enfants \u00e0 notre camp de jour \u00e0 Gatineau, pour des activit\u00e9s divertissantes et enrichissantes\" \/>\n<meta name=\"robots\" content=\"index, follow, max-snippet:-1, max-image-preview:large, max-video-preview:-1\" \/>\n<link rel=\"canonical\" href=\"https:\/\/apexkarate.ca\/fr\/camp-de-jour\/\" \/>\n<meta property=\"og:locale\" content=\"fr_FR\" \/>\n<meta property=\"og:type\" content=\"article\" \/>\n<meta property=\"og:title\" content=\"APEX Karat\u00e9 Dojo | Camp de jour de Karat\u00e9 et de Cross Fit \u00e0 Gatineau\" \/>\n<meta property=\"og:description\" content=\"APEX Karat\u00e9 Dojo | Inscrivez vos enfants \u00e0 notre camp de jour \u00e0 Gatineau, pour des activit\u00e9s divertissantes et enrichissantes\" \/>\n<meta property=\"og:url\" content=\"https:\/\/apexkarate.ca\/fr\/camp-de-jour\/\" \/>\n<meta property=\"og:site_name\" content=\"APEX Karat\u00e9 Dojo\" \/>\n<meta property=\"article:modified_time\" content=\"2026-03-18T15:16:18+00:00\" \/>\n<meta property=\"og:image\" content=\"https:\/\/apexkarate.ca\/wp-content\/uploads\/2026\/03\/camp_jour_2026.jpg\" \/>\n<meta name=\"twitter:card\" content=\"summary_large_image\" \/>\n<meta name=\"twitter:label1\" content=\"Dur\u00e9e de lecture estim\u00e9e\" \/>\n\t<meta name=\"twitter:data1\" content=\"3 minutes\" \/>\n<script type=\"application\/ld+json\" class=\"yoast-schema-graph\">{\"@context\":\"https:\/\/schema.org\",\"@graph\":[{\"@type\":\"WebPage\",\"@id\":\"https:\/\/apexkarate.ca\/fr\/camp-de-jour\/\",\"url\":\"https:\/\/apexkarate.ca\/fr\/camp-de-jour\/\",\"name\":\"APEX Karat\u00e9 Dojo | Camp de jour de Karat\u00e9 et de Cross Fit \u00e0 Gatineau\",\"isPartOf\":{\"@id\":\"https:\/\/apexkarate.ca\/fr\/#website\"},\"primaryImageOfPage\":{\"@id\":\"https:\/\/apexkarate.ca\/fr\/camp-de-jour\/#primaryimage\"},\"image\":{\"@id\":\"https:\/\/apexkarate.ca\/fr\/camp-de-jour\/#primaryimage\"},\"thumbnailUrl\":\"https:\/\/apexkarate.ca\/wp-content\/uploads\/2026\/03\/camp_jour_2026.jpg\",\"datePublished\":\"2019-03-28T18:20:47+00:00\",\"dateModified\":\"2026-03-18T15:16:18+00:00\",\"description\":\"APEX Karat\u00e9 Dojo | Inscrivez vos enfants \u00e0 notre camp de jour \u00e0 Gatineau, pour des activit\u00e9s divertissantes et enrichissantes\",\"breadcrumb\":{\"@id\":\"https:\/\/apexkarate.ca\/fr\/camp-de-jour\/#breadcrumb\"},\"inLanguage\":\"fr-FR\",\"potentialAction\":[{\"@type\":\"ReadAction\",\"target\":[\"https:\/\/apexkarate.ca\/fr\/camp-de-jour\/\"]}]},{\"@type\":\"ImageObject\",\"inLanguage\":\"fr-FR\",\"@id\":\"https:\/\/apexkarate.ca\/fr\/camp-de-jour\/#primaryimage\",\"url\":\"https:\/\/apexkarate.ca\/wp-content\/uploads\/2026\/03\/camp_jour_2026.jpg\",\"contentUrl\":\"https:\/\/apexkarate.ca\/wp-content\/uploads\/2026\/03\/camp_jour_2026.jpg\"},{\"@type\":\"BreadcrumbList\",\"@id\":\"https:\/\/apexkarate.ca\/fr\/camp-de-jour\/#breadcrumb\",\"itemListElement\":[{\"@type\":\"ListItem\",\"position\":1,\"name\":\"Accueil\",\"item\":\"https:\/\/apexkarate.ca\/fr\/\"},{\"@type\":\"ListItem\",\"position\":2,\"name\":\"Camp de jour\"}]},{\"@type\":\"WebSite\",\"@id\":\"https:\/\/apexkarate.ca\/fr\/#website\",\"url\":\"https:\/\/apexkarate.ca\/fr\/\",\"name\":\"APEX Karat\u00e9 Dojo\",\"description\":\"\",\"publisher\":{\"@id\":\"https:\/\/apexkarate.ca\/fr\/#organization\"},\"potentialAction\":[{\"@type\":\"SearchAction\",\"target\":{\"@type\":\"EntryPoint\",\"urlTemplate\":\"https:\/\/apexkarate.ca\/fr\/?s={search_term_string}\"},\"query-input\":{\"@type\":\"PropertyValueSpecification\",\"valueRequired\":true,\"valueName\":\"search_term_string\"}}],\"inLanguage\":\"fr-FR\"},{\"@type\":\"Organization\",\"@id\":\"https:\/\/apexkarate.ca\/fr\/#organization\",\"name\":\"APEX Karat\u00e9 Dojo\",\"url\":\"https:\/\/apexkarate.ca\/fr\/\",\"logo\":{\"@type\":\"ImageObject\",\"inLanguage\":\"fr-FR\",\"@id\":\"https:\/\/apexkarate.ca\/fr\/#\/schema\/logo\/image\/\",\"url\":\"https:\/\/apexkarate.ca\/wp-content\/uploads\/2024\/04\/cropped-apex-karate-dojo-logo-principal-cropped-1.jpg\",\"contentUrl\":\"https:\/\/apexkarate.ca\/wp-content\/uploads\/2024\/04\/cropped-apex-karate-dojo-logo-principal-cropped-1.jpg\",\"width\":320,\"height\":95,\"caption\":\"APEX Karat\u00e9 Dojo\"},\"image\":{\"@id\":\"https:\/\/apexkarate.ca\/fr\/#\/schema\/logo\/image\/\"}}]}<\/script>\n<!-- \/ Yoast SEO plugin. -->","yoast_head_json":{"title":"APEX Karat\u00e9 Dojo | Camp de jour de Karat\u00e9 et de Cross Fit \u00e0 Gatineau","description":"APEX Karat\u00e9 Dojo | Inscrivez vos enfants \u00e0 notre camp de jour \u00e0 Gatineau, pour des activit\u00e9s divertissantes et enrichissantes","robots":{"index":"index","follow":"follow","max-snippet":"max-snippet:-1","max-image-preview":"max-image-preview:large","max-video-preview":"max-video-preview:-1"},"canonical":"https:\/\/apexkarate.ca\/fr\/camp-de-jour\/","og_locale":"fr_FR","og_type":"article","og_title":"APEX Karat\u00e9 Dojo | Camp de jour de Karat\u00e9 et de Cross Fit \u00e0 Gatineau","og_description":"APEX Karat\u00e9 Dojo | Inscrivez vos enfants \u00e0 notre camp de jour \u00e0 Gatineau, pour des activit\u00e9s divertissantes et enrichissantes","og_url":"https:\/\/apexkarate.ca\/fr\/camp-de-jour\/","og_site_name":"APEX Karat\u00e9 Dojo","article_modified_time":"2026-03-18T15:16:18+00:00","og_image":[{"url":"https:\/\/apexkarate.ca\/wp-content\/uploads\/2026\/03\/camp_jour_2026.jpg","type":"","width":"","height":""}],"twitter_card":"summary_large_image","twitter_misc":{"Dur\u00e9e de lecture estim\u00e9e":"3 minutes"},"schema":{"@context":"https:\/\/schema.org","@graph":[{"@type":"WebPage","@id":"https:\/\/apexkarate.ca\/fr\/camp-de-jour\/","url":"https:\/\/apexkarate.ca\/fr\/camp-de-jour\/","name":"APEX Karat\u00e9 Dojo | Camp de jour de Karat\u00e9 et de Cross Fit \u00e0 Gatineau","isPartOf":{"@id":"https:\/\/apexkarate.ca\/fr\/#website"},"primaryImageOfPage":{"@id":"https:\/\/apexkarate.ca\/fr\/camp-de-jour\/#primaryimage"},"image":{"@id":"https:\/\/apexkarate.ca\/fr\/camp-de-jour\/#primaryimage"},"thumbnailUrl":"https:\/\/apexkarate.ca\/wp-content\/uploads\/2026\/03\/camp_jour_2026.jpg","datePublished":"2019-03-28T18:20:47+00:00","dateModified":"2026-03-18T15:16:18+00:00","description":"APEX Karat\u00e9 Dojo | Inscrivez vos enfants \u00e0 notre camp de jour \u00e0 Gatineau, pour des activit\u00e9s divertissantes et enrichissantes","breadcrumb":{"@id":"https:\/\/apexkarate.ca\/fr\/camp-de-jour\/#breadcrumb"},"inLanguage":"fr-FR","potentialAction":[{"@type":"ReadAction","target":["https:\/\/apexkarate.ca\/fr\/camp-de-jour\/"]}]},{"@type":"ImageObject","inLanguage":"fr-FR","@id":"https:\/\/apexkarate.ca\/fr\/camp-de-jour\/#primaryimage","url":"https:\/\/apexkarate.ca\/wp-content\/uploads\/2026\/03\/camp_jour_2026.jpg","contentUrl":"https:\/\/apexkarate.ca\/wp-content\/uploads\/2026\/03\/camp_jour_2026.jpg"},{"@type":"BreadcrumbList","@id":"https:\/\/apexkarate.ca\/fr\/camp-de-jour\/#breadcrumb","itemListElement":[{"@type":"ListItem","position":1,"name":"Accueil","item":"https:\/\/apexkarate.ca\/fr\/"},{"@type":"ListItem","position":2,"name":"Camp de jour"}]},{"@type":"WebSite","@id":"https:\/\/apexkarate.ca\/fr\/#website","url":"https:\/\/apexkarate.ca\/fr\/","name":"APEX Karat\u00e9 Dojo","description":"","publisher":{"@id":"https:\/\/apexkarate.ca\/fr\/#organization"},"potentialAction":[{"@type":"SearchAction","target":{"@type":"EntryPoint","urlTemplate":"https:\/\/apexkarate.ca\/fr\/?s={search_term_string}"},"query-input":{"@type":"PropertyValueSpecification","valueRequired":true,"valueName":"search_term_string"}}],"inLanguage":"fr-FR"},{"@type":"Organization","@id":"https:\/\/apexkarate.ca\/fr\/#organization","name":"APEX Karat\u00e9 Dojo","url":"https:\/\/apexkarate.ca\/fr\/","logo":{"@type":"ImageObject","inLanguage":"fr-FR","@id":"https:\/\/apexkarate.ca\/fr\/#\/schema\/logo\/image\/","url":"https:\/\/apexkarate.ca\/wp-content\/uploads\/2024\/04\/cropped-apex-karate-dojo-logo-principal-cropped-1.jpg","contentUrl":"https:\/\/apexkarate.ca\/wp-content\/uploads\/2024\/04\/cropped-apex-karate-dojo-logo-principal-cropped-1.jpg","width":320,"height":95,"caption":"APEX Karat\u00e9 Dojo"},"image":{"@id":"https:\/\/apexkarate.ca\/fr\/#\/schema\/logo\/image\/"}}]}},"_links":{"self":[{"href":"https:\/\/apexkarate.ca\/fr\/wp-json\/wp\/v2\/pages\/98","targetHints":{"allow":["GET"]}}],"collection":[{"href":"https:\/\/apexkarate.ca\/fr\/wp-json\/wp\/v2\/pages"}],"about":[{"href":"https:\/\/apexkarate.ca\/fr\/wp-json\/wp\/v2\/types\/page"}],"author":[{"embeddable":true,"href":"https:\/\/apexkarate.ca\/fr\/wp-json\/wp\/v2\/users\/1"}],"replies":[{"embeddable":true,"href":"https:\/\/apexkarate.ca\/fr\/wp-json\/wp\/v2\/comments?post=98"}],"version-history":[{"count":16,"href":"https:\/\/apexkarate.ca\/fr\/wp-json\/wp\/v2\/pages\/98\/revisions"}],"predecessor-version":[{"id":1245,"href":"https:\/\/apexkarate.ca\/fr\/wp-json\/wp\/v2\/pages\/98\/revisions\/1245"}],"wp:attachment":[{"href":"https:\/\/apexkarate.ca\/fr\/wp-json\/wp\/v2\/media?parent=98"}],"curies":[{"name":"wp","href":"https:\/\/api.w.org\/{rel}","templated":true}]}}